{"id":1117,"date":"2021-02-01T11:18:54","date_gmt":"2021-02-01T10:18:54","guid":{"rendered":"https:\/\/www.dieteticagirasol.es\/tratamientos\/"},"modified":"2021-03-29T09:07:07","modified_gmt":"2021-03-29T08:07:07","slug":"tractaments","status":"publish","type":"page","link":"https:\/\/www.dieteticagirasol.es\/ca\/tractaments\/","title":{"rendered":"Tractaments"},"content":{"rendered":"<p>[vc_row css_animation=&#8221;&#8221; row_type=&#8221;row&#8221; use_row_as_full_screen_section=&#8221;yes&#8221; type=&#8221;grid&#8221; angled_section=&#8221;no&#8221; text_align=&#8221;left&#8221; background_image_as_pattern=&#8221;without_pattern&#8221; css=&#8221;.vc_custom_1613390383702{background-image: url(https:\/\/www.dieteticagirasol.es\/wp-content\/uploads\/2021\/02\/tratamientos-fons.png?id=747) !important;background-position: center !important;background-repeat: no-repeat !important;background-size: cover !important;}&#8221; z_index=&#8221;&#8221;][vc_column width=&#8221;1\/2&#8243;][vc_empty_space height=&#8221;62px&#8221;][vc_column_text el_class=&#8221;tratamientos&#8221;]<\/p>\n<p style=\"text-align: left;\"><strong>TRACTAMENTS<\/strong><br \/>\nAMB COSM\u00c8TICA<br \/>\nSENSE T\u00d2XICS<\/p>\n<p style=\"text-align: left;\">Per demanar hora:<br \/>\n938 728 710<br \/>\nWHATS: 640 562 121<br \/>\n<a href=\"mailto:hola@dieteticagirasol.es\">hola@dieteticagirasol.es<\/a><\/p>\n<p>[\/vc_column_text][vc_empty_space height=&#8221;62px&#8221;][\/vc_column][vc_column width=&#8221;1\/2&#8243;][\/vc_column][\/vc_row][vc_row css_animation=&#8221;&#8221; row_type=&#8221;row&#8221; use_row_as_full_screen_section=&#8221;no&#8221; type=&#8221;full_width&#8221; angled_section=&#8221;no&#8221; text_align=&#8221;left&#8221; background_image_as_pattern=&#8221;without_pattern&#8221;][vc_column][vc_empty_space height=&#8221;40px&#8221;][\/vc_column][\/vc_row][vc_row css_animation=&#8221;&#8221; row_type=&#8221;row&#8221; use_row_as_full_screen_section=&#8221;no&#8221; type=&#8221;grid&#8221; angled_section=&#8221;no&#8221; text_align=&#8221;left&#8221; background_image_as_pattern=&#8221;without_pattern&#8221; z_index=&#8221;&#8221;][vc_column width=&#8221;1\/2&#8243;][vc_empty_space][vc_column_text el_class=&#8221;texte-tratamientos&#8221;]<\/p>\n<h4><strong>FACIALS<\/strong><\/h4>\n<p><strong>Higiene Facial<\/strong><br \/>\nTamb\u00e9 inclou depilaci\u00f3 facial<br \/>\n1 hora i 30 minuts: 52\u20ac<br \/>\n\u00b7<br \/>\n<strong>Higiene Facial Curta<\/strong><br \/>\nSense massatge ni depilaci\u00f3 facial<br \/>\n1 hora: 43\u20ac<br \/>\n\u00b7<br \/>\n<strong>Cosm\u00e8tica Emocional amb Flors de Bach<\/strong><br \/>\n1 hora: 55\u20ac<br \/>\n\u00b7<br \/>\n<strong>Tractament Iniciaci\u00f3 Glic\u00f2lica:<\/strong><br \/>\nPells apagades o amb taques<br \/>\n30 minuts + productes del 3%: 60,70\u20ac<br \/>\n30 minuts + productes del 12%: 57,70\u20ac<br \/>\n\u00b7<br \/>\n<strong>Tractament amb pedres de Jade i Gua Sha<\/strong><br \/>\n1 hora: 45\u20ac<br \/>\n\u00b7<br \/>\n<strong>Tractament Hidratant i Nutritiu<\/strong><br \/>\n1 hora: 43\u20ac<br \/>\n\u00b7<br \/>\n<strong>Tractament Reafirmant Cara i Coll<\/strong><br \/>\n1 hora y 30 minuts: 55\u20ac<br \/>\n\u00b7<br \/>\n<strong>Tractament Oxigenant Ami Iy\u00f6k<\/strong><br \/>\n1 hora: 45\u20ac<br \/>\n\u00b7<br \/>\n<strong>Combo: Drenatge + Shiatsu Facial amb Savages<\/strong><br \/>\n1 hora: 43\u20ac<br \/>\n\u00b7<br \/>\n<strong>Tractament Facial Mascul\u00ed<\/strong><br \/>\n1 hora: 45\u20ac<br \/>\n\u00b7<br \/>\n<strong>Biodetox Dulkamara<\/strong><br \/>\n1 hora: 45\u20ac<br \/>\n\u00b7<br \/>\n<strong>Biolifting Dulkamara<\/strong><br \/>\n1hora: 45\u20ac<br \/>\n\u00b7<br \/>\n<strong>Biokalm Dulkamara<\/strong><br \/>\n1 hora: 45\u20ac<br \/>\n\u00b7<br \/>\n<strong>El Cl\u00e0ssic Dr. Hauschka<\/strong><br \/>\n2 tractaments facials combinats amb mussolines calentes<br \/>\n2 hores: 85\u20ac<br \/>\n\u00b7<br \/>\n<strong>Luxury Dr. Hauschka<\/strong><br \/>\n1 tractament facial combinat amb mussolines calentes<br \/>\n1 hora y 30 minuts: 65\u20ac[\/vc_column_text][vc_empty_space][vc_column_text el_class=&#8221;texte-tratamientos&#8221;]<\/p>\n<h4>MAQUILLATGE<\/h4>\n<p><strong>Aprenem a Maquillar-nos<\/strong><br \/>\n1 hora: 43\u20ac<br \/>\n\u00b7<br \/>\n<strong>Sessi\u00f3 maquillatge: festa, n\u00favia&#8230;<\/strong><br \/>\n1 hora: 43\u20ac[\/vc_column_text][vc_empty_space][vc_column_text el_class=&#8221;texte-tratamientos&#8221;]<\/p>\n<h4>DEPILACI\u00d3<\/h4>\n<p>Amb cera d&#8217;abelles i resines 100% naturals.<br \/>\nDespr\u00e9s de cada sessi\u00f3 el preu s&#8217;incrementar\u00e0 3\u20ac<\/p>\n<p><strong>FEMENINA<\/strong><br \/>\nLlavi Superior: 5\u20ac<br \/>\nBarbeta: 5\u20ac<br \/>\nCelles: 4\u20ac 1\/2<br \/>\n1\/2 Bra\u00e7os: 7,5\u20ac \u00b7 Bra\u00e7os Sencers: 12,5\u20ac<br \/>\nAxil\u00b7Les: 6,5\u20ac<br \/>\nZones Petites: 5\u20ac<br \/>\nPubis: 17,5\u20ac<br \/>\nEngonals: 9,5\u20ac \u00b7 Engonals Brasileres: 12,5\u20ac<br \/>\n1\/2 Glutis: 10\u20ac \u00b7 Glutis: 15\u20ac 1\/2<br \/>\n1\/2 Cames: 12,5\u20ac \u00b7 Cames Senceres: 19,5\u20ac<br \/>\nComplet1:<br \/>\nCames Senceres + Engonals + Axil\u00b7Les: 35,5\u20ac<br \/>\nComplet2:<br \/>\nCames Senceres + Engonals Brasileres + Axil\u00b7Les: 38,5\u20ac<br \/>\nComplet3:<br \/>\nCames Senceres + Pubis + Axil\u00b7Les: 43,5\u20ac<\/p>\n<p><strong>MASCULINA<\/strong><br \/>\nCelles: 5\u20ac<br \/>\nClatell: 6,5\u20ac<br \/>\n1\/2 Bra\u00e7os 8,5\u20ac \u00b7 Bra\u00e7os Sencers: 14,50\u20ac<br \/>\nLumbars: 10,5\u20ac<br \/>\nEsquena: 30\u20ac<br \/>\nAxil\u00b7Les: 8,5\u20ac<br \/>\nGlutis: 15\u20ac<br \/>\n1\/2 Cames: 17,5\u20ac \u00b7 Cames Senceres: 27,5\u20ac<br \/>\nPit: 14,5\u20ac<br \/>\nAbdomen: 10,5\u20ac[\/vc_column_text][\/vc_column][vc_column width=&#8221;1\/2&#8243;][vc_empty_space][vc_column_text el_class=&#8221;texte-tratamientos&#8221;]<\/p>\n<h4><strong>CORPORALS<\/strong><\/h4>\n<p><strong>Tractament Circulatori<\/strong><br \/>\nCames i peus cansats<br \/>\nApte per a embar\u00e0s<br \/>\n30 minuts: 30\u20ac<br \/>\n\u00b7<br \/>\n<strong>Peeling Sal Himalaya + Hidrataci\u00f3<\/strong><br \/>\n1 hora: 45\u20ac<br \/>\n\u00b7<br \/>\n<strong>Massatge Cap I Cuir Cabellut\u00a0Weleda<\/strong><br \/>\n20 minuts: 15\u20ac<br \/>\n\u00b7<br \/>\n<strong>Tractament Localitzat<\/strong><br \/>\nAnticel\u00b7Lul\u00edtic I Reafirmant<br \/>\n1 hora: 45\u20ac<br \/>\n\u00b7<br \/>\n<strong>Massatge Relaxant Amb Olis Ayurv\u00e8dics<\/strong><br \/>\n1 hora: 43\u20ac<br \/>\n\u00b7<br \/>\n<strong>Massatge Calent Espelma<\/strong><br \/>\nAmb Olis Essencials: Relaxant<br \/>\n1 Hora: 43\u20ac + Espelma Per Casa: 55\u20ac<br \/>\n\u00b7<br \/>\n<strong>Massatge Canyes Bamb\u00fa Dulkamara:<\/strong><br \/>\nDescontracturant<br \/>\n1 hora: 45\u20ac<br \/>\n\u00b7<br \/>\n<strong>Massatge Descontracturant<\/strong><br \/>\nAmb\u00a0Embolcall\u00a0D&#8217;argila<br \/>\n1 hora y 30 minuts: 50\u20ac<br \/>\n\u00b7<br \/>\n<strong>Complet De Cap A Peus<\/strong><br \/>\n1 hora y 30 minuts: 60\u20ac<br \/>\n\u00b7<br \/>\n<strong>Massatge Prepart o Postpart<\/strong><br \/>\n1 hora: 40\u20ac<br \/>\n\u00b7<br \/>\n<strong>Quiromassatge: Descontracturant<\/strong><br \/>\n30 minuts: 30\u20ac \/ 1 hora: 41\u20ac<br \/>\n\u00b7<br \/>\n<strong>Drenatge Limf\u00e0tic: Retenci\u00f3 L\u00edquids<\/strong><br \/>\n1 hora: 40\u20ac<br \/>\n\u00b7<br \/>\n<strong>Shiatsu<\/strong><br \/>\n1 hora: 40\u20ac<br \/>\n\u00b7<br \/>\n<strong>Manicura<\/strong><br \/>\n1 hora: 35\u20ac<br \/>\n\u00b7<br \/>\n<strong>Pedicura<\/strong><br \/>\n1 hora: 40\u20ac[\/vc_column_text][vc_empty_space][vc_column_text el_class=&#8221;texte-tratamientos&#8221;]<\/p>\n<h4>PACKS<\/h4>\n<p><strong>Pack 4 sessions<\/strong><br \/>\nSi compres 4 sessions al mateix temps,<br \/>\net fem el 7% de\u00a0dte<br \/>\n\u00b7<br \/>\n<strong>Pack 6 sessions<\/strong><br \/>\nSi compres 6 sessions al mateix temps,<br \/>\net regalem 1 sessi\u00f3<br \/>\n\u00b7<br \/>\n<strong>Pack 10 sesions<\/strong><br \/>\nSi compres 10 sessions al mateix temps,<br \/>\net regalem 2 sessions<br \/>\n\u00b7<br \/>\nTots els tractaments<br \/>\nPODEN SER XEC REGAL[\/vc_column_text][\/vc_column][\/vc_row][vc_row css_animation=&#8221;&#8221; row_type=&#8221;row&#8221; use_row_as_full_screen_section=&#8221;no&#8221; type=&#8221;full_width&#8221; angled_section=&#8221;no&#8221; text_align=&#8221;left&#8221; background_image_as_pattern=&#8221;without_pattern&#8221;][vc_column][vc_empty_space height=&#8221;40px&#8221;][\/vc_column][\/vc_row]<\/p>\n","protected":false},"excerpt":{"rendered":"<p>[vc_row css_animation=&#8221;&#8221; row_type=&#8221;row&#8221; use_row_as_full_screen_section=&#8221;yes&#8221; type=&#8221;grid&#8221; angled_section=&#8221;no&#8221; text_align=&#8221;left&#8221; background_image_as_pattern=&#8221;without_pattern&#8221; css=&#8221;.vc_custom_1613390383702{background-image: url(https:\/\/www.dieteticagirasol.es\/wp-content\/uploads\/2021\/02\/tratamientos-fons.png?id=747) !important;background-position: center !important;background-repeat: no-repeat !important;background-size: cover !important;}&#8221; z_index=&#8221;&#8221;][vc_column width=&#8221;1\/2&#8243;][vc_empty_space height=&#8221;62px&#8221;][vc_column_text el_class=&#8221;tratamientos&#8221;] TRACTAMENTS AMB COSM\u00c8TICA SENSE T\u00d2XICS Per demanar hora: 938 728 710 WHATS: 640 562 121 hola@dieteticagirasol.es [\/vc_column_text][vc_empty_space height=&#8221;62px&#8221;][\/vc_column][vc_column width=&#8221;1\/2&#8243;][\/vc_column][\/vc_row][vc_row css_animation=&#8221;&#8221; row_type=&#8221;row&#8221; use_row_as_full_screen_section=&#8221;no&#8221; type=&#8221;full_width&#8221; angled_section=&#8221;no&#8221;&#8230;<\/p>\n","protected":false},"author":1,"featured_media":0,"parent":0,"menu_order":0,"comment_status":"closed","ping_status":"closed","template":"full_width.php","meta":{"footnotes":""},"class_list":["post-1117","page","type-page","status-publish","hentry"],"yoast_head":"<!-- This site is optimized with the Yoast SEO plugin v26.9 - https:\/\/yoast.com\/product\/yoast-seo-wordpress\/ -->\n<title>Tractaments Cosm\u00e8tica sense T\u00f2xics - Diet\u00e9tica Girasol<\/title>\n<meta name=\"description\" content=\"Oferim tractaments facials, corporals, depilaci\u00f3 i maquillatge, lliure de t\u00f2xics i amb productes de primera qualitat. Truca&#039;ns!\" \/>\n<meta name=\"robots\" content=\"index, follow, max-snippet:-1, max-image-preview:large, max-video-preview:-1\" \/>\n<link rel=\"canonical\" href=\"https:\/\/www.dieteticagirasol.es\/ca\/tractaments\/\" \/>\n<meta property=\"og:locale\" content=\"ca_ES\" \/>\n<meta property=\"og:type\" content=\"article\" \/>\n<meta property=\"og:title\" content=\"Tractaments Cosm\u00e8tica sense T\u00f2xics - Diet\u00e9tica Girasol\" \/>\n<meta property=\"og:description\" content=\"Oferim tractaments facials, corporals, depilaci\u00f3 i maquillatge, lliure de t\u00f2xics i amb productes de primera qualitat. Truca&#039;ns!\" \/>\n<meta property=\"og:url\" content=\"https:\/\/www.dieteticagirasol.es\/ca\/tractaments\/\" \/>\n<meta property=\"og:site_name\" content=\"Diet\u00e9tica Girasol\" \/>\n<meta property=\"article:modified_time\" content=\"2021-03-29T08:07:07+00:00\" \/>\n<meta property=\"og:image\" content=\"https:\/\/www.dieteticagirasol.es\/wp-content\/uploads\/2021\/02\/cereales.jpg\" \/>\n\t<meta property=\"og:image:width\" content=\"1000\" \/>\n\t<meta property=\"og:image:height\" content=\"667\" \/>\n\t<meta property=\"og:image:type\" content=\"image\/jpeg\" \/>\n<meta name=\"twitter:card\" content=\"summary_large_image\" \/>\n<script type=\"application\/ld+json\" class=\"yoast-schema-graph\">{\"@context\":\"https:\/\/schema.org\",\"@graph\":[{\"@type\":\"WebPage\",\"@id\":\"https:\/\/www.dieteticagirasol.es\/ca\/tractaments\/\",\"url\":\"https:\/\/www.dieteticagirasol.es\/ca\/tractaments\/\",\"name\":\"Tractaments Cosm\u00e8tica sense T\u00f2xics - Diet\u00e9tica Girasol\",\"isPartOf\":{\"@id\":\"https:\/\/www.dieteticagirasol.es\/ca\/#website\"},\"datePublished\":\"2021-02-01T10:18:54+00:00\",\"dateModified\":\"2021-03-29T08:07:07+00:00\",\"description\":\"Oferim tractaments facials, corporals, depilaci\u00f3 i maquillatge, lliure de t\u00f2xics i amb productes de primera qualitat. Truca'ns!\",\"breadcrumb\":{\"@id\":\"https:\/\/www.dieteticagirasol.es\/ca\/tractaments\/#breadcrumb\"},\"inLanguage\":\"ca\",\"potentialAction\":[{\"@type\":\"ReadAction\",\"target\":[\"https:\/\/www.dieteticagirasol.es\/ca\/tractaments\/\"]}]},{\"@type\":\"BreadcrumbList\",\"@id\":\"https:\/\/www.dieteticagirasol.es\/ca\/tractaments\/#breadcrumb\",\"itemListElement\":[{\"@type\":\"ListItem\",\"position\":1,\"name\":\"Inici\",\"item\":\"https:\/\/www.dieteticagirasol.es\/ca\/\"},{\"@type\":\"ListItem\",\"position\":2,\"name\":\"Tractaments\"}]},{\"@type\":\"WebSite\",\"@id\":\"https:\/\/www.dieteticagirasol.es\/ca\/#website\",\"url\":\"https:\/\/www.dieteticagirasol.es\/ca\/\",\"name\":\"Herborister\u00eda y Diet\u00e9tica Girasol\",\"description\":\"\",\"publisher\":{\"@id\":\"https:\/\/www.dieteticagirasol.es\/ca\/#organization\"},\"alternateName\":\"Herborister\u00eda y Diet\u00e9tica Girasol\",\"potentialAction\":[{\"@type\":\"SearchAction\",\"target\":{\"@type\":\"EntryPoint\",\"urlTemplate\":\"https:\/\/www.dieteticagirasol.es\/ca\/?s={search_term_string}\"},\"query-input\":{\"@type\":\"PropertyValueSpecification\",\"valueRequired\":true,\"valueName\":\"search_term_string\"}}],\"inLanguage\":\"ca\"},{\"@type\":\"Organization\",\"@id\":\"https:\/\/www.dieteticagirasol.es\/ca\/#organization\",\"name\":\"Diet\u00e8tica Girasol\",\"url\":\"https:\/\/www.dieteticagirasol.es\/ca\/\",\"logo\":{\"@type\":\"ImageObject\",\"inLanguage\":\"ca\",\"@id\":\"https:\/\/www.dieteticagirasol.es\/ca\/#\/schema\/logo\/image\/\",\"url\":\"https:\/\/www.dieteticagirasol.es\/wp-content\/uploads\/2021\/02\/girasol-logo.png\",\"contentUrl\":\"https:\/\/www.dieteticagirasol.es\/wp-content\/uploads\/2021\/02\/girasol-logo.png\",\"width\":256,\"height\":100,\"caption\":\"Diet\u00e8tica Girasol\"},\"image\":{\"@id\":\"https:\/\/www.dieteticagirasol.es\/ca\/#\/schema\/logo\/image\/\"},\"sameAs\":[\"https:\/\/www.instagram.com\/dietetica_girasol\/\"]}]}<\/script>\n<!-- \/ Yoast SEO plugin. -->","yoast_head_json":{"title":"Tractaments Cosm\u00e8tica sense T\u00f2xics - Diet\u00e9tica Girasol","description":"Oferim tractaments facials, corporals, depilaci\u00f3 i maquillatge, lliure de t\u00f2xics i amb productes de primera qualitat. Truca'ns!","robots":{"index":"index","follow":"follow","max-snippet":"max-snippet:-1","max-image-preview":"max-image-preview:large","max-video-preview":"max-video-preview:-1"},"canonical":"https:\/\/www.dieteticagirasol.es\/ca\/tractaments\/","og_locale":"ca_ES","og_type":"article","og_title":"Tractaments Cosm\u00e8tica sense T\u00f2xics - Diet\u00e9tica Girasol","og_description":"Oferim tractaments facials, corporals, depilaci\u00f3 i maquillatge, lliure de t\u00f2xics i amb productes de primera qualitat. Truca'ns!","og_url":"https:\/\/www.dieteticagirasol.es\/ca\/tractaments\/","og_site_name":"Diet\u00e9tica Girasol","article_modified_time":"2021-03-29T08:07:07+00:00","og_image":[{"width":1000,"height":667,"url":"https:\/\/www.dieteticagirasol.es\/wp-content\/uploads\/2021\/02\/cereales.jpg","type":"image\/jpeg"}],"twitter_card":"summary_large_image","schema":{"@context":"https:\/\/schema.org","@graph":[{"@type":"WebPage","@id":"https:\/\/www.dieteticagirasol.es\/ca\/tractaments\/","url":"https:\/\/www.dieteticagirasol.es\/ca\/tractaments\/","name":"Tractaments Cosm\u00e8tica sense T\u00f2xics - Diet\u00e9tica Girasol","isPartOf":{"@id":"https:\/\/www.dieteticagirasol.es\/ca\/#website"},"datePublished":"2021-02-01T10:18:54+00:00","dateModified":"2021-03-29T08:07:07+00:00","description":"Oferim tractaments facials, corporals, depilaci\u00f3 i maquillatge, lliure de t\u00f2xics i amb productes de primera qualitat. Truca'ns!","breadcrumb":{"@id":"https:\/\/www.dieteticagirasol.es\/ca\/tractaments\/#breadcrumb"},"inLanguage":"ca","potentialAction":[{"@type":"ReadAction","target":["https:\/\/www.dieteticagirasol.es\/ca\/tractaments\/"]}]},{"@type":"BreadcrumbList","@id":"https:\/\/www.dieteticagirasol.es\/ca\/tractaments\/#breadcrumb","itemListElement":[{"@type":"ListItem","position":1,"name":"Inici","item":"https:\/\/www.dieteticagirasol.es\/ca\/"},{"@type":"ListItem","position":2,"name":"Tractaments"}]},{"@type":"WebSite","@id":"https:\/\/www.dieteticagirasol.es\/ca\/#website","url":"https:\/\/www.dieteticagirasol.es\/ca\/","name":"Herborister\u00eda y Diet\u00e9tica Girasol","description":"","publisher":{"@id":"https:\/\/www.dieteticagirasol.es\/ca\/#organization"},"alternateName":"Herborister\u00eda y Diet\u00e9tica Girasol","potentialAction":[{"@type":"SearchAction","target":{"@type":"EntryPoint","urlTemplate":"https:\/\/www.dieteticagirasol.es\/ca\/?s={search_term_string}"},"query-input":{"@type":"PropertyValueSpecification","valueRequired":true,"valueName":"search_term_string"}}],"inLanguage":"ca"},{"@type":"Organization","@id":"https:\/\/www.dieteticagirasol.es\/ca\/#organization","name":"Diet\u00e8tica Girasol","url":"https:\/\/www.dieteticagirasol.es\/ca\/","logo":{"@type":"ImageObject","inLanguage":"ca","@id":"https:\/\/www.dieteticagirasol.es\/ca\/#\/schema\/logo\/image\/","url":"https:\/\/www.dieteticagirasol.es\/wp-content\/uploads\/2021\/02\/girasol-logo.png","contentUrl":"https:\/\/www.dieteticagirasol.es\/wp-content\/uploads\/2021\/02\/girasol-logo.png","width":256,"height":100,"caption":"Diet\u00e8tica Girasol"},"image":{"@id":"https:\/\/www.dieteticagirasol.es\/ca\/#\/schema\/logo\/image\/"},"sameAs":["https:\/\/www.instagram.com\/dietetica_girasol\/"]}]}},"_links":{"self":[{"href":"https:\/\/www.dieteticagirasol.es\/ca\/wp-json\/wp\/v2\/pages\/1117","targetHints":{"allow":["GET"]}}],"collection":[{"href":"https:\/\/www.dieteticagirasol.es\/ca\/wp-json\/wp\/v2\/pages"}],"about":[{"href":"https:\/\/www.dieteticagirasol.es\/ca\/wp-json\/wp\/v2\/types\/page"}],"author":[{"embeddable":true,"href":"https:\/\/www.dieteticagirasol.es\/ca\/wp-json\/wp\/v2\/users\/1"}],"replies":[{"embeddable":true,"href":"https:\/\/www.dieteticagirasol.es\/ca\/wp-json\/wp\/v2\/comments?post=1117"}],"version-history":[{"count":0,"href":"https:\/\/www.dieteticagirasol.es\/ca\/wp-json\/wp\/v2\/pages\/1117\/revisions"}],"wp:attachment":[{"href":"https:\/\/www.dieteticagirasol.es\/ca\/wp-json\/wp\/v2\/media?parent=1117"}],"curies":[{"name":"wp","href":"https:\/\/api.w.org\/{rel}","templated":true}]}}